{"id":18,"date":"2019-03-08T09:53:19","date_gmt":"2019-03-08T09:53:19","guid":{"rendered":"https:\/\/incarnationconsciente.ch\/?page_id=18"},"modified":"2024-06-18T11:33:21","modified_gmt":"2024-06-18T11:33:21","slug":"approche-programme","status":"publish","type":"page","link":"https:\/\/formationpro.rebekkaspecht.ch\/index.php\/approche-programme\/","title":{"rendered":"Approche \/ Programme"},"content":{"rendered":"\n<div class=\"wp-block-group\"><div class=\"wp-block-group__inner-container is-layout-constrained wp-block-group-is-layout-constrained\">\n<div class=\"wp-block-columns is-layout-flex wp-container-core-columns-is-layout-1 wp-block-columns-is-layout-flex\">\n<div class=\"wp-block-column is-layout-flow wp-block-column-is-layout-flow\" style=\"flex-basis:100%\"><div id=\"pl-gb18-6a9685bd0f50e\"  class=\"panel-layout wp-block-siteorigin-panels-layout-block\" ><div id=\"pg-gb18-6a9685bd0f50e-0\"  class=\"panel-grid panel-no-style\" ><div id=\"pgc-gb18-6a9685bd0f50e-0-0\"  class=\"panel-grid-cell\" ><div id=\"panel-gb18-6a9685bd0f50e-0-0-0\" class=\"so-panel widget widget_text panel-first-child\" data-index=\"0\" ><div class=\"so-parallax panel-widget-style panel-widget-style-for-gb18-6a9685bd0f50e-0-0-0\" ><img fetchpriority=\"high\" decoding=\"async\" width=\"2560\" height=\"1075\" src=\"https:\/\/formationpro.rebekkaspecht.ch\/wp-content\/uploads\/2023\/03\/IC_drawer-scaled-e1678455069907.jpg\" class=\"attachment-full size-full\" alt=\"\" data-siteorigin-parallax=\"true\" loading=\"eager\" srcset=\"https:\/\/formationpro.rebekkaspecht.ch\/wp-content\/uploads\/2023\/03\/IC_drawer-scaled-e1678455069907.jpg 2560w, https:\/\/formationpro.rebekkaspecht.ch\/wp-content\/uploads\/2023\/03\/IC_drawer-scaled-e1678455069907-300x126.jpg 300w, https:\/\/formationpro.rebekkaspecht.ch\/wp-content\/uploads\/2023\/03\/IC_drawer-scaled-e1678455069907-1024x430.jpg 1024w, https:\/\/formationpro.rebekkaspecht.ch\/wp-content\/uploads\/2023\/03\/IC_drawer-scaled-e1678455069907-768x323.jpg 768w, https:\/\/formationpro.rebekkaspecht.ch\/wp-content\/uploads\/2023\/03\/IC_drawer-scaled-e1678455069907-1536x645.jpg 1536w, https:\/\/formationpro.rebekkaspecht.ch\/wp-content\/uploads\/2023\/03\/IC_drawer-scaled-e1678455069907-2048x860.jpg 2048w, https:\/\/formationpro.rebekkaspecht.ch\/wp-content\/uploads\/2023\/03\/IC_drawer-scaled-e1678455069907-750x315.jpg 750w, https:\/\/formationpro.rebekkaspecht.ch\/wp-content\/uploads\/2023\/03\/IC_drawer-scaled-e1678455069907-400x168.jpg 400w, https:\/\/formationpro.rebekkaspecht.ch\/wp-content\/uploads\/2023\/03\/IC_drawer-scaled-e1678455069907-430x181.jpg 430w, https:\/\/formationpro.rebekkaspecht.ch\/wp-content\/uploads\/2023\/03\/IC_drawer-scaled-e1678455069907-150x63.jpg 150w, https:\/\/formationpro.rebekkaspecht.ch\/wp-content\/uploads\/2023\/03\/IC_drawer-scaled-e1678455069907-100x42.jpg 100w\" sizes=\"(max-width: 2560px) 100vw, 2560px\" \/>\t\t\t<div class=\"textwidget\"><p>&nbsp;<\/p>\n<p>&nbsp;<\/p>\n<p>&nbsp;<\/p>\n<p>&nbsp;<\/p>\n<p>&nbsp;<\/p>\n<p>&nbsp;<\/p>\n<p>&nbsp;<\/p>\n<\/div>\n\t\t<\/div><\/div><div id=\"panel-gb18-6a9685bd0f50e-0-0-1\" class=\"so-panel widget widget_sow-headline\" data-index=\"1\" ><div\n\t\t\t\n\t\t\tclass=\"so-widget-sow-headline so-widget-sow-headline-default-ab5b2d9cb511-18 so-widget-fittext-wrapper\"\n\t\t\t data-fit-text-compressor=\"\"\n\t\t><div class=\"sow-headline-container \">\n\t\t\t\t\t\t\t<h2 class=\"sow-headline\">\n\t\t\t\t\t\tLe programme\t\t\t\t\t\t<\/h2>\n\t\t\t\t\t\t\t\t\t\t\t\t<h5 class=\"sow-sub-headline\">\n\t\t\t\t\t\tadapt\u00e9 \u00e0 vos besoins\t\t\t\t\t\t<\/h5>\n\t\t\t\t\t\t\t\t\t\t\t<div class=\"decoration\">\n\t\t\t\t\t\t<div class=\"decoration-inside\"><\/div>\n\t\t\t\t\t<\/div>\n\t\t\t\t\t<\/div>\n<\/div><\/div><div id=\"panel-gb18-6a9685bd0f50e-0-0-2\" class=\"so-panel widget widget_sow-editor\" data-index=\"2\" ><div class=\"panel-widget-style panel-widget-style-for-gb18-6a9685bd0f50e-0-0-2\" ><div\n\t\t\t\n\t\t\tclass=\"so-widget-sow-editor so-widget-sow-editor-base\"\n\t\t\t\n\t\t>\n<div class=\"siteorigin-widget-tinymce textwidget\">\n\t<p style=\"text-align: center;\">Vous \u00eates un \u00eatre singulier avec des talents et dons uniques.<\/p>\n<p style=\"text-align: left;\">Ce mentorat-formation n&rsquo;a pas pour but de transmettre une m\u00e9thode \u00e9tablie. L&rsquo;objectif est \u00e0 la fois de vous faire acqu\u00e9rir des outils suppl\u00e9mentaires qui viennent enrichir votre profession actuelle, et celui d&rsquo;\u00e9veiller vos propres capacit\u00e9s \u00e0 entrer en contact avec le monde subtil.<\/p>\n<\/div>\n<\/div><\/div><\/div><div id=\"panel-gb18-6a9685bd0f50e-0-0-3\" class=\"so-panel widget widget_sow-editor\" data-index=\"3\" ><div class=\"panel-widget-style panel-widget-style-for-gb18-6a9685bd0f50e-0-0-3\" ><div\n\t\t\t\n\t\t\tclass=\"so-widget-sow-editor so-widget-sow-editor-base\"\n\t\t\t\n\t\t>\n<div class=\"siteorigin-widget-tinymce textwidget\">\n\t<h3>L&rsquo;approche<\/h3>\n<p align=\"left\">Votre attitude et votre posture int\u00e9rieure sont essentiels pour le travail m\u00e9diumnique\/\u00e9nerg\u00e9tique et la communication avec l&rsquo;\u00e2me du b\u00e9b\u00e9 et le monde subtil. C&rsquo;est la raison pour laquelle la moiti\u00e9 du temps de formation est consacr\u00e9e \u00e0 la gu\u00e9rison de votre propre naissance et \u00e0 votre d\u00e9veloppement spirituel personnel.<\/p>\n<p align=\"left\">La th\u00e9orie enseign\u00e9e est adapt\u00e9e \u00e0 vos besoins professionnels et se construit sur des exp\u00e9riences que vous allez vivre pendant votre propre processus d&rsquo;\u00e9volution. La pratique se fait par la supervision du &lsquo;travail&rsquo; avec certains de vos propres clients. De cette mani\u00e8re, vous int\u00e9grez la th\u00e9orie directement en pratiquant.<\/p>\n<\/div>\n<\/div><\/div><\/div><div id=\"panel-gb18-6a9685bd0f50e-0-0-4\" class=\"so-panel widget widget_sow-headline\" data-index=\"4\" ><div\n\t\t\t\n\t\t\tclass=\"so-widget-sow-headline so-widget-sow-headline-default-d6db24c2db75-18\"\n\t\t\t\n\t\t><div class=\"sow-headline-container \">\n\t\t\t\t\t\t\t<h2 class=\"sow-headline\">\n\t\t\t\t\t\tLes th\u00e8mes de formation \u00e0 choix\t\t\t\t\t\t<\/h2>\n\t\t\t\t\t\t\t\t\t\t\t<div class=\"decoration\">\n\t\t\t\t\t\t<div class=\"decoration-inside\"><\/div>\n\t\t\t\t\t<\/div>\n\t\t\t\t\t<\/div>\n<\/div><\/div><div id=\"panel-gb18-6a9685bd0f50e-0-0-5\" class=\"so-panel widget widget_sow-features\" data-index=\"5\" ><div\n\t\t\t\n\t\t\tclass=\"so-widget-sow-features so-widget-sow-features-default-0e0f8d436f18-18\"\n\t\t\t\n\t\t>\n<div class=\"sow-features-list sow-features-responsive\">\n\n\t\t\t\t\t\t\t\t\t<div\n\t\t\t\tclass=\"sow-features-feature sow-icon-container-position-top\"\n\t\t\t\tstyle=\"display: flex; flex-direction: column; width: calc(33.333% - 25px);\"\n\t\t\t>\n\t\t\t\n\t\t\t\t\t\t\t\t<div\n\t\t\t\t\tclass=\"sow-icon-container sow-container-round\"\n\t\t\t\t\tstyle=\"color: #ffffff; \"\n\t\t\t\t\t\t\t\t\t>\n\t\t\t\t\t<div class=\"sow-icon-image\" style=\"background-image: url(https:\/\/formationpro.rebekkaspecht.ch\/wp-content\/uploads\/2022\/11\/amour-coeur.jpg); font-size: 24px\"><\/div>\t\t\t\t<\/div>\n\t\t\t\t\n\t\t\t\t<div class=\"textwidget\">\n\t\t\t\t\t\n\t\t\t\t\t\t\t\t\t\t\t<h5>\n\t\t\t\t\t\t\t\n\t\t\t\t\t\t\tDialoguer avec l&rsquo;\u00e2me du b\u00e9b\u00e9\t\t\t\t\t\t\t\t\t\t\t\t\t<\/h5>\n\t\t\t\t\t\n\t\t\t\t\t\t\t\t\t\t\t<p style=\"text-align: left\">Inclure les messages de l&rsquo;\u00e2me du b\u00e9b\u00e9 lors de l&rsquo;accompagnement de la femme enceinte ainsi qu&rsquo;\u00e0 la naissance. Communiquer avec le monde subtil en cas de d\u00e9c\u00e8s d\u2019un b\u00e9b\u00e9. Lib\u00e9ration des traumatismes li\u00e9s \u00e0 la naissance et \u00e0 la vie pr\u00e9natale chez le nouveau-n\u00e9. Le focus est sur le b\u00e9b\u00e9.<\/p>\n\t\t\t\t\t\n\t\t\t\t\t\t\t\t\t<\/div>\n\t\t\t\t\t\t\t\t\n\t\t\t\t\t\t\t<\/div>\n\n\t\t\t\t\t\t\t\t<div\n\t\t\t\tclass=\"sow-features-feature sow-icon-container-position-top\"\n\t\t\t\tstyle=\"display: flex; flex-direction: column; width: calc(33.333% - 25px);\"\n\t\t\t>\n\t\t\t\n\t\t\t\t\t\t\t\t<div\n\t\t\t\t\tclass=\"sow-icon-container sow-container-round\"\n\t\t\t\t\tstyle=\"color: #ffffff; \"\n\t\t\t\t\t\t\t\t\t>\n\t\t\t\t\t<div class=\"sow-icon-image\" style=\"background-image: url(https:\/\/formationpro.rebekkaspecht.ch\/wp-content\/uploads\/2022\/11\/amour-coeur.jpg); font-size: 24px\"><\/div>\t\t\t\t<\/div>\n\t\t\t\t\n\t\t\t\t<div class=\"textwidget\">\n\t\t\t\t\t\n\t\t\t\t\t\t\t\t\t\t\t<h5>\n\t\t\t\t\t\t\t\n\t\t\t\t\t\t\tSoins th\u00e9rapeutiques et \u00e9nerg\u00e9tiques\t\t\t\t\t\t\t\t\t\t\t\t\t<\/h5>\n\t\t\t\t\t\n\t\t\t\t\t\t\t\t\t\t\t<p style=\"text-align: left\">Des outils de gu\u00e9rison et de th\u00e9rapie pour pr\u00e9parer le couple \u00e0 une conception en conscience et pour accompagner la femme aussi bien avant et pendant la grossesse que lors de l\u2019accouchement. Le focus est sur la maman.<\/p>\n\t\t\t\t\t\n\t\t\t\t\t\t\t\t\t<\/div>\n\t\t\t\t\t\t\t\t\n\t\t\t\t\t\t\t<\/div>\n\n\t\t\t\t\t\t\t\t<div\n\t\t\t\tclass=\"sow-features-feature sow-icon-container-position-top\"\n\t\t\t\tstyle=\"display: flex; flex-direction: column; width: calc(33.333% - 25px);\"\n\t\t\t>\n\t\t\t\n\t\t\t\t\t\t\t\t<div\n\t\t\t\t\tclass=\"sow-icon-container sow-container-round\"\n\t\t\t\t\tstyle=\"color: #ffffff; \"\n\t\t\t\t\t\t\t\t\t>\n\t\t\t\t\t<div class=\"sow-icon-image\" style=\"background-image: url(https:\/\/formationpro.rebekkaspecht.ch\/wp-content\/uploads\/2022\/11\/amour-coeur.jpg); font-size: 24px\"><\/div>\t\t\t\t<\/div>\n\t\t\t\t\n\t\t\t\t<div class=\"textwidget\">\n\t\t\t\t\t\n\t\t\t\t\t\t\t\t\t\t\t<h5>\n\t\t\t\t\t\t\t\n\t\t\t\t\t\t\tSoins b\u00e9b\u00e9s et enfants\t\t\t\t\t\t\t\t\t\t\t\t\t<\/h5>\n\t\t\t\t\t\n\t\t\t\t\t\t\t\t\t\t\t<p style=\"text-align: left\">Inclure les messages et les indications du monde subtil dans les soins aux enfants. Entrer en contact avec l\u2019\u00e2me de l\u2019enfant pour qu&rsquo;une image plus compl\u00e8te se r\u00e9v\u00e8le derri\u00e8re les sympt\u00f4mes visibles. Se faire indiquer les solutions possibles et les chemins pour auto-responsabiliser les parents.<\/p>\n\t\t\t\t\t\n\t\t\t\t\t\t\t\t\t<\/div>\n\t\t\t\t\t\t\t\t\n\t\t\t\t\t\t\t<\/div>\n\n\t\t\t\t\t\t\t\t<div\n\t\t\t\tclass=\"sow-features-feature sow-icon-container-position-top\"\n\t\t\t\tstyle=\"display: flex; flex-direction: column; width: calc(33.333% - 25px);\"\n\t\t\t>\n\t\t\t\n\t\t\t\t\t\t\t\t<div\n\t\t\t\t\tclass=\"sow-icon-container sow-container-round\"\n\t\t\t\t\tstyle=\"color: #ffffff; \"\n\t\t\t\t\t\t\t\t\t>\n\t\t\t\t\t<div class=\"sow-icon-image\" style=\"background-image: url(https:\/\/formationpro.rebekkaspecht.ch\/wp-content\/uploads\/2022\/11\/amour-coeur.jpg); font-size: 24px\"><\/div>\t\t\t\t<\/div>\n\t\t\t\t\n\t\t\t\t<div class=\"textwidget\">\n\t\t\t\t\t\n\t\t\t\t\t\t\t\t\t\t\t<h5>\n\t\t\t\t\t\t\t\n\t\t\t\t\t\t\tHarmonisation familiale\t\t\t\t\t\t\t\t\t\t\t\t\t<\/h5>\n\t\t\t\t\t\n\t\t\t\t\t\t\t\t\t\t\t<p style=\"text-align: left\">Relever les tensions et sujets probl\u00e9matiques dans le couple et la famille afin que le couple soit solide et \u00e9quilibr\u00e9, pr\u00eat \u00e0 accueillir le b\u00e9b\u00e9. Faciliter l\u2019int\u00e9gration de l&rsquo;enfant au sein de la famille existante. Pour le bien-\u00eatre de la vie familiale en g\u00e9n\u00e9ral.<\/p>\n\t\t\t\t\t\n\t\t\t\t\t\t\t\t\t<\/div>\n\t\t\t\t\t\t\t\t\n\t\t\t\t\t\t\t<\/div>\n\n\t\t\t\t\t\t\t\t<div\n\t\t\t\tclass=\"sow-features-feature sow-icon-container-position-top\"\n\t\t\t\tstyle=\"display: flex; flex-direction: column; width: calc(33.333% - 25px);\"\n\t\t\t>\n\t\t\t\n\t\t\t\t\t\t\t\t<div\n\t\t\t\t\tclass=\"sow-icon-container sow-container-round\"\n\t\t\t\t\tstyle=\"color: #ffffff; \"\n\t\t\t\t\t\t\t\t\t>\n\t\t\t\t\t<div class=\"sow-icon-image\" style=\"background-image: url(https:\/\/formationpro.rebekkaspecht.ch\/wp-content\/uploads\/2022\/11\/amour-coeur.jpg); font-size: 24px\"><\/div>\t\t\t\t<\/div>\n\t\t\t\t\n\t\t\t\t<div class=\"textwidget\">\n\t\t\t\t\t\n\t\t\t\t\t\t\t\t\t\t\t<h5>\n\t\t\t\t\t\t\t\n\t\t\t\t\t\t\tSoin transg\u00e9nerationnel et d&rsquo;\u00e2me\t\t\t\t\t\t\t\t\t\t\t\t\t<\/h5>\n\t\t\t\t\t\n\t\t\t\t\t\t\t\t\t\t\t<p style=\"text-align: left\">Chercher les origines d\u2019une probl\u00e9matique et mettre en lumi\u00e8re des sujets transg\u00e9n\u00e9rationels pour que la femme retrouve sa force et sa souverainet\u00e9, pour lib\u00e9rer le chemin d\u2019incarnation pour le b\u00e9b\u00e9 et pour que les secrets de famille ne puissent plus l&rsquo;affecter.<\/p>\n\t\t\t\t\t\n\t\t\t\t\t\t\t\t\t<\/div>\n\t\t\t\t\t\t\t\t\n\t\t\t\t\t\t\t<\/div>\n\n\t\t\t\t\t\t\t\t<div\n\t\t\t\tclass=\"sow-features-feature sow-icon-container-position-top\"\n\t\t\t\tstyle=\"display: flex; flex-direction: column; width: calc(33.333% - 25px);\"\n\t\t\t>\n\t\t\t\n\t\t\t\t\t\t\t\t<div\n\t\t\t\t\tclass=\"sow-icon-container sow-container-round\"\n\t\t\t\t\tstyle=\"color: #ffffff; \"\n\t\t\t\t\t\t\t\t\t>\n\t\t\t\t\t<div class=\"sow-icon-image\" style=\"background-image: url(https:\/\/formationpro.rebekkaspecht.ch\/wp-content\/uploads\/2022\/11\/amour-coeur.jpg); font-size: 24px\"><\/div>\t\t\t\t<\/div>\n\t\t\t\t\n\t\t\t\t<div class=\"textwidget\">\n\t\t\t\t\t\n\t\t\t\t\t\t\t\t\t\t\t<h5>\n\t\t\t\t\t\t\t\n\t\t\t\t\t\t\tGu\u00e9rison par le son de la voix\t\t\t\t\t\t\t\t\t\t\t\t\t<\/h5>\n\t\t\t\t\t\n\t\t\t\t\t\t\t\t\t\t\t<p style=\"text-align: left\">Apprendre \u00e0 utiliser les sons de la voix pour les soins, afin d\u2019oeuvrer \u00e0 la fois sur le plan subtil tout en stimulant les gu\u00e9risons plus directement au niveau \u00e9motionnel et dans la mati\u00e8re.<\/p>\n\t\t\t\t\t\n\t\t\t\t\t\t\t\t\t<\/div>\n\t\t\t\t\t\t\t\t\n\t\t\t\t\t\t\t<\/div>\n\n\t\t\t\t\t\t\t\t<div\n\t\t\t\tclass=\"sow-features-feature sow-icon-container-position-top\"\n\t\t\t\tstyle=\"display: flex; flex-direction: column; width: calc(33.333% - 25px);\"\n\t\t\t>\n\t\t\t\n\t\t\t\t\t\t\t\t<div\n\t\t\t\t\tclass=\"sow-icon-container sow-container-round\"\n\t\t\t\t\tstyle=\"color: #ffffff; \"\n\t\t\t\t\t\t\t\t\t>\n\t\t\t\t\t<div class=\"sow-icon-image\" style=\"background-image: url(https:\/\/formationpro.rebekkaspecht.ch\/wp-content\/uploads\/2022\/11\/amour-coeur.jpg); font-size: 24px\"><\/div>\t\t\t\t<\/div>\n\t\t\t\t\n\t\t\t\t<div class=\"textwidget\">\n\t\t\t\t\t\n\t\t\t\t\t\t\t\t\t\t\t<h5>\n\t\t\t\t\t\t\t\n\t\t\t\t\t\t\tCadre respectueux\t\t\t\t\t\t\t\t\t\t\t\t\t<\/h5>\n\t\t\t\t\t\n\t\t\t\t\t\t\t\t\t\t\t<p style=\"text-align: left\">Cr\u00e9er un espace \u00e9nerg\u00e9tique s\u00e9curis\u00e9. Les mots \u00e9tant porteurs d&rsquo;une forte \u00e9nergie, les utiliser avec conscience. D\u00e9velopper une \u00e9coute profonde. Accueillir le\/la client\/e dans son enti\u00e8ret\u00e9. Posture int\u00e9rieure. Comment se pr\u00e9parer \u00e0 une s\u00e9ance\/un soin \u00e9nerg\u00e9tique.<\/p>\n\t\t\t\t\t\n\t\t\t\t\t\t\t\t\t<\/div>\n\t\t\t\t\t\t\t\t\n\t\t\t\t\t\t\t<\/div>\n\n\t\t\t\t\t\t\t\t<div\n\t\t\t\tclass=\"sow-features-feature sow-icon-container-position-top\"\n\t\t\t\tstyle=\"display: flex; flex-direction: column; width: calc(33.333% - 25px);\"\n\t\t\t>\n\t\t\t\n\t\t\t\t\t\t\t\t<div\n\t\t\t\t\tclass=\"sow-icon-container sow-container-round\"\n\t\t\t\t\tstyle=\"color: #ffffff; \"\n\t\t\t\t\t\t\t\t\t>\n\t\t\t\t\t<div class=\"sow-icon-image\" style=\"background-image: url(https:\/\/formationpro.rebekkaspecht.ch\/wp-content\/uploads\/2022\/11\/amour-coeur.jpg); font-size: 24px\"><\/div>\t\t\t\t<\/div>\n\t\t\t\t\n\t\t\t\t<div class=\"textwidget\">\n\t\t\t\t\t\n\t\t\t\t\t\t\t\t\t\t\t<h5>\n\t\t\t\t\t\t\t\n\t\t\t\t\t\t\tIntroduction \u00e0 l\u2019\u00e9nerg\u00e9tique\t\t\t\t\t\t\t\t\t\t\t\t\t<\/h5>\n\t\t\t\t\t\n\t\t\t\t\t\t\t\t\t\t\t<p style=\"text-align: left\">Introduction \u00e0 la multidimensionnalit\u00e9 du corps humain et \u00e0 ses syst\u00e8mes \u00e9nerg\u00e9tiques. Conna\u00eetre les possibles pollutions \u00e9nerg\u00e9tiques qui peuvent le squatter et savoir comment acc\u00e9der \u00e0 l\u2019origine d\u2019un sympt\u00f4me.<\/p>\n\t\t\t\t\t\n\t\t\t\t\t\t\t\t\t<\/div>\n\t\t\t\t\t\t\t\t\n\t\t\t\t\t\t\t<\/div>\n\n\t\t\t\t\t\t\t\t<div\n\t\t\t\tclass=\"sow-features-feature sow-icon-container-position-top\"\n\t\t\t\tstyle=\"display: flex; flex-direction: column; width: calc(33.333% - 25px);\"\n\t\t\t>\n\t\t\t\n\t\t\t\t\t\t\t\t<div\n\t\t\t\t\tclass=\"sow-icon-container sow-container-round\"\n\t\t\t\t\tstyle=\"color: #ffffff; \"\n\t\t\t\t\t\t\t\t\t>\n\t\t\t\t\t<div class=\"sow-icon-image\" style=\"background-image: url(https:\/\/formationpro.rebekkaspecht.ch\/wp-content\/uploads\/2022\/11\/amour-coeur.jpg); font-size: 24px\"><\/div>\t\t\t\t<\/div>\n\t\t\t\t\n\t\t\t\t<div class=\"textwidget\">\n\t\t\t\t\t\n\t\t\t\t\t\t\t\t\t\t\t<h5>\n\t\t\t\t\t\t\t\n\t\t\t\t\t\t\tIntuition et m\u00e9diumnit\u00e9\t\t\t\t\t\t\t\t\t\t\t\t\t<\/h5>\n\t\t\t\t\t\n\t\t\t\t\t\t\t\t\t\t\t<p style=\"text-align: left\">Affiner vos perceptions extra-sensorielles et votre capacit\u00e9 m\u00e9diumnique en g\u00e9n\u00e9ral afin de pouvoir recevoir, lire et int\u00e9grer les informations du monde subtil dans votre approche. Augmenter la confiance en votre intuition.<\/p>\n\t\t\t\t\t\n\t\t\t\t\t\t\t\t\t<\/div>\n\t\t\t\t\t\t\t\t\n\t\t\t\t\t\t\t<\/div>\n\n\t\t\t\n<\/div>\n<\/div><\/div><div id=\"panel-gb18-6a9685bd0f50e-0-0-6\" class=\"so-panel widget widget_sow-editor\" data-index=\"6\" ><div class=\"panel-widget-style panel-widget-style-for-gb18-6a9685bd0f50e-0-0-6\" ><div\n\t\t\t\n\t\t\tclass=\"so-widget-sow-editor so-widget-sow-editor-base\"\n\t\t\t\n\t\t>\n<div class=\"siteorigin-widget-tinymce textwidget\">\n\t<h3><\/h3>\n<h3>Concr\u00e8tement<\/h3>\n<p>Le mentorat-formation est bas\u00e9 sur des blocs de 2 \u00e0 2,5 heures, qui ont lieu soit par vid\u00e9oconf\u00e9rence, soit \u00e0 mon domicile \u00e0 Gruy\u00e8res en Suisse. Le nombre minimum de blocs est de 4 \u00e0 5, soit 10 heures.<\/p>\n<p>Suite \u00e0 un entretien pr\u00e9alable et \u00e0 un questionnaire, que vous aurez rempli, un programme individuel sera \u00e9tabli en fonction de vos int\u00e9r\u00eats et de vos besoins.<\/p>\n<\/div>\n<\/div><\/div><\/div><div id=\"panel-gb18-6a9685bd0f50e-0-0-7\" class=\"so-panel widget widget_moesia_testimonials moesia_testimonials_widget\" data-index=\"7\" >\t\t<section id=\"testimonials\" class=\"testimonials-area\">\n\t\t\t<div class=\"container\">\n\t\t\t\t<h3 class=\"widget-title\"><span class=\"wow bounce\">Ce qu&rsquo;en disent les anciens \u00e9l\u00e8ves<\/span><\/h3>\t\t\t\t\t\t\t\t\t\t\t\t\t\t\t\t\t\t\t<div class=\"testimonial col-md-6 col-sm-6 fadeInUp\">\n\t\t\t\t\t\t<div class=\"testimonial-body\"><p>\u201cJ\u2019ai suivi un mentorat de plusieurs mois avec Rebekka. Avec beaucoup de g\u00e9n\u00e9rosit\u00e9, d\u2019\u00e9coute et de bienveillance, Rebekka a su me transmettre l\u2019essence de son accompagnement tellement respectueux de la m\u00e8re, de l\u2019\u00e2me \u00e0 venir et plus globalement du couple. Au del\u00e0 des outils et de la posture, c\u2019est \u00e0 une vraie transformation de ma pratique qu\u2019elle a contribu\u00e9, qui s\u2019en trouve enrichie, mais surtout bien plus align\u00e9e \u00e0 ce qui fait sens pour moi. Je me sens d\u00e9sormais solide et \u00e0 ma place dans mon r\u00f4le d\u2019accompagnante multidimensionnelle \u00e0 la naissance.\u201d<\/p>\n<\/div>\n\n\t\t\t\t\t\t\n\t\t\t\t\t\t<h4 class=\"client-name col-md-8\">Ang\u00e9lique<\/h4>\n\t\t\t\t\t\t\t\t\t\t\t\t\t<span class=\"client-function col-md-8\">Ang\u00e9lique Pairault, Doula \u00ab\u00a0C\u2019est doux l\u00e0\u00a0\u00bb<\/span>\n\t\t\t\t\t\t\t\t\t\t\t\t\n\t\t\t\t\t<\/div>\n\t\t\t\t\t\t\t\t\t\t\t\t\t\t\t\t\t\t\t<div class=\"testimonial col-md-6 col-sm-6 fadeInUp\">\n\t\t\t\t\t\t<div class=\"testimonial-body\"><div class=\"gmail_default\">\u00ab\u00a0Le mentorat r\u00e9pond \u00e0 toutes mes attentes et m&#8217;emm\u00e8ne encore plus loin dans des contr\u00e9es inconnues. Rebekka \u00e9largit mes connaissances, ce qui me permet de travailler de mani\u00e8re plus structur\u00e9e et plus claire. Elle m&rsquo;accompagne sur mon chemin personnel de gu\u00e9rison et me montre comment \u00eatre vraiment pr\u00e9sent au contact du client et comment tenir l&rsquo;espace avec amour.<br \/>\nJe suis tr\u00e8s reconnaissante de la croissance que j&rsquo;ai pu conna\u00eetre et je la recommande de tout c\u0153ur.\u00a0\u00bb<\/div>\n<\/div>\n\n\t\t\t\t\t\t\n\t\t\t\t\t\t<h4 class=\"client-name col-md-8\">Corinna<\/h4>\n\t\t\t\t\t\t\t\t\t\t\t\t\t<span class=\"client-function col-md-8\">Corinna Steins &#8211; Psychologue, Energeticienne, Ma\u00eetre Reiki au service des mamans<\/span>\n\t\t\t\t\t\t\t\t\t\t\t\t\n\t\t\t\t\t<\/div>\n\t\t\t\t\t\t\t<\/div>\n\t\t\t\t\t\n\t\t\t\t\t\t\n\t\t<\/section>\t\t\n\t<\/div><div id=\"panel-gb18-6a9685bd0f50e-0-0-8\" class=\"so-panel widget widget_sow-headline panel-last-child\" data-index=\"8\" ><div\n\t\t\t\n\t\t\tclass=\"so-widget-sow-headline so-widget-sow-headline-default-34c6d15cc9e0-6129\"\n\t\t\t\n\t\t><div class=\"sow-headline-container \">\n\t\t\t\t\t\t\t<h2 class=\"sow-headline\">\n\t\t\t\t\t\tD\u00e9veloppez vos talents uniques\t\t\t\t\t\t<\/h2>\n\t\t\t\t\t\t\t\t\t\t\t\t<h3 class=\"sow-sub-headline\">\n\t\t\t\t\t\tet mettez vous au service de la Vie !\t\t\t\t\t\t<\/h3>\n\t\t\t\t\t\t<\/div>\n<\/div><\/div><\/div><\/div><\/div><\/div>\n<\/div>\n<\/div><\/div>\n","protected":false},"excerpt":{"rendered":"","protected":false},"author":1,"featured_media":0,"parent":0,"menu_order":0,"comment_status":"closed","ping_status":"closed","template":"elementor_header_footer","meta":{"footnotes":""},"class_list":["post-18","page","type-page","status-publish","hentry"],"yoast_head":"<!-- This site is optimized with the Yoast SEO plugin v23.8 - https:\/\/yoast.com\/wordpress\/plugins\/seo\/ -->\n<title>Approche \/ Programme Mentorat - Formation pro<\/title>\n<meta name=\"description\" content=\"Programme du mentorat-formation PRO pour les professionnelles de la p\u00e9rinatalit\u00e9\/gyn\u00e9cologie\/p\u00e9diatrie, les psychologues et coaches de femmes.\" \/>\n<meta name=\"robots\" content=\"index, follow, max-snippet:-1, max-image-preview:large, max-video-preview:-1\" \/>\n<link rel=\"canonical\" href=\"https:\/\/formationpro.rebekkaspecht.ch\/index.php\/approche-programme\/\" \/>\n<meta property=\"og:locale\" content=\"fr_FR\" \/>\n<meta property=\"og:type\" content=\"article\" \/>\n<meta property=\"og:title\" content=\"Approche \/ Programme Mentorat - Formation pro\" \/>\n<meta property=\"og:description\" content=\"Programme du mentorat-formation PRO pour les professionnelles de la p\u00e9rinatalit\u00e9\/gyn\u00e9cologie\/p\u00e9diatrie, les psychologues et coaches de femmes.\" \/>\n<meta property=\"og:url\" content=\"https:\/\/formationpro.rebekkaspecht.ch\/index.php\/approche-programme\/\" \/>\n<meta property=\"og:site_name\" content=\"Formation pro\" \/>\n<meta property=\"article:modified_time\" content=\"2024-06-18T11:33:21+00:00\" \/>\n<meta name=\"twitter:card\" content=\"summary_large_image\" \/>\n<script type=\"application\/ld+json\" class=\"yoast-schema-graph\">{\"@context\":\"https:\/\/schema.org\",\"@graph\":[{\"@type\":\"WebPage\",\"@id\":\"https:\/\/formationpro.rebekkaspecht.ch\/index.php\/approche-programme\/\",\"url\":\"https:\/\/formationpro.rebekkaspecht.ch\/index.php\/approche-programme\/\",\"name\":\"Approche \/ Programme Mentorat - Formation pro\",\"isPartOf\":{\"@id\":\"https:\/\/formationpro.rebekkaspecht.ch\/#website\"},\"datePublished\":\"2019-03-08T09:53:19+00:00\",\"dateModified\":\"2024-06-18T11:33:21+00:00\",\"description\":\"Programme du mentorat-formation PRO pour les professionnelles de la p\u00e9rinatalit\u00e9\/gyn\u00e9cologie\/p\u00e9diatrie, les psychologues et coaches de femmes.\",\"breadcrumb\":{\"@id\":\"https:\/\/formationpro.rebekkaspecht.ch\/index.php\/approche-programme\/#breadcrumb\"},\"inLanguage\":\"fr-FR\",\"potentialAction\":[{\"@type\":\"ReadAction\",\"target\":[\"https:\/\/formationpro.rebekkaspecht.ch\/index.php\/approche-programme\/\"]}]},{\"@type\":\"BreadcrumbList\",\"@id\":\"https:\/\/formationpro.rebekkaspecht.ch\/index.php\/approche-programme\/#breadcrumb\",\"itemListElement\":[{\"@type\":\"ListItem\",\"position\":1,\"name\":\"Home\",\"item\":\"https:\/\/formationpro.rebekkaspecht.ch\/\"},{\"@type\":\"ListItem\",\"position\":2,\"name\":\"Approche \/ Programme\"}]},{\"@type\":\"WebSite\",\"@id\":\"https:\/\/formationpro.rebekkaspecht.ch\/#website\",\"url\":\"https:\/\/formationpro.rebekkaspecht.ch\/\",\"name\":\"Formation pro\",\"description\":\"pour un accueil \u00e9veill\u00e9\",\"potentialAction\":[{\"@type\":\"SearchAction\",\"target\":{\"@type\":\"EntryPoint\",\"urlTemplate\":\"https:\/\/formationpro.rebekkaspecht.ch\/?s={search_term_string}\"},\"query-input\":{\"@type\":\"PropertyValueSpecification\",\"valueRequired\":true,\"valueName\":\"search_term_string\"}}],\"inLanguage\":\"fr-FR\"}]}<\/script>\n<!-- \/ Yoast SEO plugin. -->","yoast_head_json":{"title":"Approche \/ Programme Mentorat - Formation pro","description":"Programme du mentorat-formation PRO pour les professionnelles de la p\u00e9rinatalit\u00e9\/gyn\u00e9cologie\/p\u00e9diatrie, les psychologues et coaches de femmes.","robots":{"index":"index","follow":"follow","max-snippet":"max-snippet:-1","max-image-preview":"max-image-preview:large","max-video-preview":"max-video-preview:-1"},"canonical":"https:\/\/formationpro.rebekkaspecht.ch\/index.php\/approche-programme\/","og_locale":"fr_FR","og_type":"article","og_title":"Approche \/ Programme Mentorat - Formation pro","og_description":"Programme du mentorat-formation PRO pour les professionnelles de la p\u00e9rinatalit\u00e9\/gyn\u00e9cologie\/p\u00e9diatrie, les psychologues et coaches de femmes.","og_url":"https:\/\/formationpro.rebekkaspecht.ch\/index.php\/approche-programme\/","og_site_name":"Formation pro","article_modified_time":"2024-06-18T11:33:21+00:00","twitter_card":"summary_large_image","schema":{"@context":"https:\/\/schema.org","@graph":[{"@type":"WebPage","@id":"https:\/\/formationpro.rebekkaspecht.ch\/index.php\/approche-programme\/","url":"https:\/\/formationpro.rebekkaspecht.ch\/index.php\/approche-programme\/","name":"Approche \/ Programme Mentorat - Formation pro","isPartOf":{"@id":"https:\/\/formationpro.rebekkaspecht.ch\/#website"},"datePublished":"2019-03-08T09:53:19+00:00","dateModified":"2024-06-18T11:33:21+00:00","description":"Programme du mentorat-formation PRO pour les professionnelles de la p\u00e9rinatalit\u00e9\/gyn\u00e9cologie\/p\u00e9diatrie, les psychologues et coaches de femmes.","breadcrumb":{"@id":"https:\/\/formationpro.rebekkaspecht.ch\/index.php\/approche-programme\/#breadcrumb"},"inLanguage":"fr-FR","potentialAction":[{"@type":"ReadAction","target":["https:\/\/formationpro.rebekkaspecht.ch\/index.php\/approche-programme\/"]}]},{"@type":"BreadcrumbList","@id":"https:\/\/formationpro.rebekkaspecht.ch\/index.php\/approche-programme\/#breadcrumb","itemListElement":[{"@type":"ListItem","position":1,"name":"Home","item":"https:\/\/formationpro.rebekkaspecht.ch\/"},{"@type":"ListItem","position":2,"name":"Approche \/ Programme"}]},{"@type":"WebSite","@id":"https:\/\/formationpro.rebekkaspecht.ch\/#website","url":"https:\/\/formationpro.rebekkaspecht.ch\/","name":"Formation pro","description":"pour un accueil \u00e9veill\u00e9","potentialAction":[{"@type":"SearchAction","target":{"@type":"EntryPoint","urlTemplate":"https:\/\/formationpro.rebekkaspecht.ch\/?s={search_term_string}"},"query-input":{"@type":"PropertyValueSpecification","valueRequired":true,"valueName":"search_term_string"}}],"inLanguage":"fr-FR"}]}},"_links":{"self":[{"href":"https:\/\/formationpro.rebekkaspecht.ch\/index.php\/wp-json\/wp\/v2\/pages\/18","targetHints":{"allow":["GET"]}}],"collection":[{"href":"https:\/\/formationpro.rebekkaspecht.ch\/index.php\/wp-json\/wp\/v2\/pages"}],"about":[{"href":"https:\/\/formationpro.rebekkaspecht.ch\/index.php\/wp-json\/wp\/v2\/types\/page"}],"author":[{"embeddable":true,"href":"https:\/\/formationpro.rebekkaspecht.ch\/index.php\/wp-json\/wp\/v2\/users\/1"}],"replies":[{"embeddable":true,"href":"https:\/\/formationpro.rebekkaspecht.ch\/index.php\/wp-json\/wp\/v2\/comments?post=18"}],"version-history":[{"count":318,"href":"https:\/\/formationpro.rebekkaspecht.ch\/index.php\/wp-json\/wp\/v2\/pages\/18\/revisions"}],"predecessor-version":[{"id":6943,"href":"https:\/\/formationpro.rebekkaspecht.ch\/index.php\/wp-json\/wp\/v2\/pages\/18\/revisions\/6943"}],"wp:attachment":[{"href":"https:\/\/formationpro.rebekkaspecht.ch\/index.php\/wp-json\/wp\/v2\/media?parent=18"}],"curies":[{"name":"wp","href":"https:\/\/api.w.org\/{rel}","templated":true}]}}