{"id":9,"date":"2019-03-08T09:53:19","date_gmt":"2019-03-08T09:53:19","guid":{"rendered":"https:\/\/incarnationconsciente.ch\/?page_id=9"},"modified":"2023-03-13T08:52:40","modified_gmt":"2023-03-13T08:52:40","slug":"a-propos-de-rebekka","status":"publish","type":"page","link":"https:\/\/formationpro.rebekkaspecht.ch\/index.php\/a-propos-de-rebekka\/","title":{"rendered":"\u00c0 propos de"},"content":{"rendered":"<div id=\"pl-gb9-6a968f8ba2919\"  class=\"panel-layout\" ><div id=\"pg-gb9-6a968f8ba2919-0\"  class=\"panel-grid panel-no-style\" ><div id=\"pgc-gb9-6a968f8ba2919-0-0\"  class=\"panel-grid-cell\" ><div id=\"panel-gb9-6a968f8ba2919-0-0-0\" class=\"so-panel widget widget_text panel-first-child\" data-index=\"0\" ><div class=\"panel-widget-style panel-widget-style-for-gb9-6a968f8ba2919-0-0-0\" >\t\t\t<div class=\"textwidget\"><p>&nbsp;<\/p>\n<p>&nbsp;<\/p>\n<p>&nbsp;<\/p>\n<p>&nbsp;<\/p>\n<p>&nbsp;<\/p>\n<p>&nbsp;<\/p>\n<p>&nbsp;<\/p>\n<\/div>\n\t\t<\/div><\/div><div id=\"panel-gb9-6a968f8ba2919-0-0-1\" class=\"so-panel widget widget_sow-headline\" data-index=\"1\" ><div class=\"panel-widget-style panel-widget-style-for-gb9-6a968f8ba2919-0-0-1\" ><div\n\t\t\t\n\t\t\tclass=\"so-widget-sow-headline so-widget-sow-headline-default-62fb5542ba19-9 so-widget-fittext-wrapper\"\n\t\t\t data-fit-text-compressor=\"0.85\"\n\t\t><div class=\"sow-headline-container \">\n\t\t\t\t\t\t\t<h5 class=\"sow-headline\">\n\t\t\t\t\t\tRebekka Gabriela Specht\t\t\t\t\t\t<\/h5>\n\t\t\t\t\t\t\t\t\t\t\t<div class=\"decoration\">\n\t\t\t\t\t\t<div class=\"decoration-inside\"><\/div>\n\t\t\t\t\t<\/div>\n\t\t\t\t\t<\/div>\n<\/div><\/div><\/div><div id=\"panel-gb9-6a968f8ba2919-0-0-2\" class=\"so-panel widget widget_sow-editor\" data-index=\"2\" ><div\n\t\t\t\n\t\t\tclass=\"so-widget-sow-editor so-widget-sow-editor-base\"\n\t\t\t\n\t\t>\n<div class=\"siteorigin-widget-tinymce textwidget\">\n\t<p>Accompagnatrice \u00e9nerg\u00e9tico-spirituelle de la naissance. Porte-parole des \u00e2mes d&rsquo;enfants. Auteure. Animatrice d&rsquo;ateliers. Th\u00e9rapeute en soins vibratoires (\u00e9nerg\u00e9tique, par les sons de la voix et la communication avec le monde subtil). Mari\u00e9e et m\u00e8re de deux fils adultes.<\/p>\n<p>Suivant ma voix int\u00e9rieure et les synchronicit\u00e9s de la vie, je me suis engag\u00e9e pour le bien-\u00eatre des femmes, des couples et des familles. J&rsquo;ai aussi \u00e9t\u00e9 amen\u00e9e \u00e0 ouvrir une porte vers le monde des \u00e2mes \u00e0 venir afin d&rsquo;<strong>offrir \u00e0 la nouvelle g\u00e9n\u00e9ration un d\u00e9but de vie plus humaniste, respectueux et tendre<\/strong>.<\/p>\n<p>&nbsp;<\/p>\n<p><img fetchpriority=\"high\" fetchpriority=\"high\" decoding=\"async\" class=\"aligncenter wp-image-6268 size-full\" src=\"https:\/\/formationpro.rebekkaspecht.ch\/wp-content\/uploads\/2022\/11\/IC_unicorn-spirit.jpg\" alt=\"Ma vision Rebekka G Specht Incarnationconsciente.ch\" width=\"991\" height=\"212\" srcset=\"https:\/\/formationpro.rebekkaspecht.ch\/wp-content\/uploads\/2022\/11\/IC_unicorn-spirit.jpg 991w, https:\/\/formationpro.rebekkaspecht.ch\/wp-content\/uploads\/2022\/11\/IC_unicorn-spirit-300x64.jpg 300w, https:\/\/formationpro.rebekkaspecht.ch\/wp-content\/uploads\/2022\/11\/IC_unicorn-spirit-768x164.jpg 768w, https:\/\/formationpro.rebekkaspecht.ch\/wp-content\/uploads\/2022\/11\/IC_unicorn-spirit-750x160.jpg 750w, https:\/\/formationpro.rebekkaspecht.ch\/wp-content\/uploads\/2022\/11\/IC_unicorn-spirit-400x86.jpg 400w, https:\/\/formationpro.rebekkaspecht.ch\/wp-content\/uploads\/2022\/11\/IC_unicorn-spirit-430x92.jpg 430w, https:\/\/formationpro.rebekkaspecht.ch\/wp-content\/uploads\/2022\/11\/IC_unicorn-spirit-150x32.jpg 150w, https:\/\/formationpro.rebekkaspecht.ch\/wp-content\/uploads\/2022\/11\/IC_unicorn-spirit-100x21.jpg 100w\" sizes=\"(max-width: 991px) 100vw, 991px\" \/><\/p>\n<\/div>\n<\/div><\/div><div id=\"panel-gb9-6a968f8ba2919-0-0-3\" class=\"so-panel widget widget_sow-editor\" data-index=\"3\" ><div class=\"panel-widget-style panel-widget-style-for-gb9-6a968f8ba2919-0-0-3\" ><div\n\t\t\t\n\t\t\tclass=\"so-widget-sow-editor so-widget-sow-editor-base\"\n\t\t\t\n\t\t><h3 class=\"widget-title\">Un peu sur moi et mon chemin<\/h3>\n<div class=\"siteorigin-widget-tinymce textwidget\">\n\t<p>Apr\u00e8s mes \u00e9tudes d&rsquo;<strong>ing\u00e9nieur en \u00e9lectrotechnique<\/strong>, j&rsquo;ai travaill\u00e9 chez Hewlett Packard au support t\u00e9l\u00e9phonique interne, pour trouver l&rsquo;origine des probl\u00e9matiques des ordinateurs, de l&rsquo;informatique et de la messagerie. J&rsquo;ai appris, lors de situations stressantes, que\u00a0la plupart de probl\u00e8mes se r\u00e9solvent nettement plus facilement lorsque l&rsquo;humain se sent d&rsquo;abord compris et entendu. J&rsquo;ai ainsi d\u00e9velopp\u00e9 une \u00e9coute profonde et la capacit\u00e9 \u00e0 poser les bonnes questions, ce qui est encore et toujours essentiel dans mon travail actuel.<\/p>\n<p>&nbsp;<\/p>\n<p>Avec la naissance de notre fils ain\u00e9 aux Etats-Unis, il \u00e9tait \u00e9vident que j&rsquo;allais m&rsquo;investir \u00e0 100% dans le r\u00f4le de <strong>maman<\/strong>. 20 mois plus tard, notre deuxi\u00e8me fils a vu le jour en Allemagne. \u00a0&#8211;\u00a0<em>Vous pouvez lire plus de d\u00e9tails sur mon histoire priv\u00e9e sur <a href=\"https:\/\/incarnationconsciente.ch\/index.php\/a-propos-de-rebekka\/\" target=\"_blank\" rel=\"noopener\">incarnationconsciente.ch<\/a> &#8211; <\/em>En me miroitant les blessures de mon enfance, mes deux gar\u00e7ons m&rsquo;ont lanc\u00e9 de sacr\u00e9s d\u00e9fis. Mon voyage de gu\u00e9rison et de transformation int\u00e9rieure a commenc\u00e9 avec divers th\u00e9rapeutes, que j&rsquo;ai consult\u00e9s d&rsquo;abord pour mes enfants, puis pour moi-m\u00eame.<\/p>\n<p>J\u2019ai tr\u00e8s vite ressenti que la m\u00e9decine universitaire ne m\u2019apporterait pas de solutions. Afin de mieux comprendre le monde au-del\u00e0 de la mati\u00e8re, j&rsquo;ai suivi divers formations : <strong>G\u00e9obiologie, Feng Shui, Th\u00e9rapeute spirituelle, SoulVoice, &#8230;<\/strong> Au fur et \u00e0 mesure, la Vie est devenue mon principal enseignant, permettant \u00e0 mon intuition de s&rsquo;affiner et \u00e0 ma sagesse et mes capacit\u00e9s int\u00e9rieures de se r\u00e9v\u00e9ler.<\/p>\n<p>&nbsp;<\/p>\n<p>Au d\u00e9but je ne voulais pas devenir th\u00e9rapeute. L\u2019id\u00e9e d\u2019\u00eatre enferm\u00e9e dans un cabinet et de devoir \u00e9couter chaque jour des histoires lourdes des patients me rebutait. Mais la vie m&rsquo;a fait comprendre assez t\u00f4t qu&rsquo;il s&rsquo;agissait d&rsquo;une \u00e9tape n\u00e9cessaire \u00e0 la suite de ma &lsquo;mission&rsquo;, dont je ne savais pas, \u00e0 ce moment-l\u00e0, en quoi elle consisterait. Le message que j&rsquo;ai re\u00e7u \u00e9tait le suivant : \u00ab\u00a0Es-tu d&rsquo;accord pour que nous t&rsquo;envoyions l\u00e0 o\u00f9 tu peux \u00eatre le plus utile et o\u00f9 tes dons serviront pour le plus grand bien de tous ?\u00a0\u00bb Cela semblait plut\u00f4t aventureux et tout sauf monotone. J&rsquo;ai donc accept\u00e9.<\/p>\n<p>&nbsp;<\/p>\n<p>Suite \u00e0 des ann\u00e9es d\u2019\u00e9volution personnelle, mais aussi d&rsquo;accompagnement des clientes et plus sp\u00e9cialement de travail avec les \u00e2mes des b\u00e9b\u00e9s, mes talents se sont d\u00e9velopp\u00e9s et mon chemin de vie s\u2019est dessin\u00e9 de plus en plus clairement. <strong>Catalysatrice<\/strong>, <strong>intuitive<\/strong> et femme au grand coeur, j\u2019adore plonger dans les profondeurs et mettre en lumi\u00e8re ce qui est cach\u00e9. Tout au long de ma pratique, je me suis distanci\u00e9e de plus en plus de toutes les m\u00e9thodes pour placer\u00a0<strong>le besoin de l&rsquo;\u00catre en face de moi au centre<\/strong>. Je me <strong>r\u00e9f\u00e8re toujours \u00e0 la Sagesse de la Vie<\/strong>. Les grandes th\u00e9ories m\u2019int\u00e9ressent peu, je vise des solutions pratiques, dont seul le r\u00e9sultat compte.<\/p>\n<p>&nbsp;<\/p>\n<p>Depuis 2012 je pratique dans mon cabinet \u00e0 Pringy et de plus en plus \u00e0 distance, mais ces derni\u00e8res ann\u00e9es, aussi par visio-s\u00e9ance. Les clientes me contactent du Qu\u00e9bec, de France, d&rsquo;Allemagne, d&rsquo;Autriche, d&rsquo;Angleterre, de Suisse et m\u00eame des Emirats. Je ne fais pas partie de l&rsquo;ASCA ou d&rsquo;une autre association de m\u00e9tier. J&rsquo;oeuvre hors du syst\u00e8me, ce qui me permet d&rsquo;avoir sur toute situation un regard ext\u00e9rieur ind\u00e9pendant.<\/p>\n<p>&nbsp;<\/p>\n<p>Il y a 3 ans, j&rsquo;ai fait un r\u00eave qui me semblait tellement r\u00e9el, que j&rsquo;ai eu la sensation de l&rsquo;avoir d\u00e9j\u00e0 v\u00e9cu : je devais donner une conf\u00e9rence dans le cadre d&rsquo;un congr\u00e8s de gyn\u00e9cologues. En me r\u00e9veillant j&rsquo;ai r\u00e9agi avec un v\u00e9h\u00e9ment \u00ab\u00a0non, non, non !!!\u00a0\u00bb et en m\u00eame temps, \u00e7a r\u00e9sonnait tellement juste de le faire, au fond de moi. La r\u00e9ponse de la vie a \u00e9t\u00e9 rassurante : \u00ab\u00a0Rebekka, nous te connaissons bien. Calme-toi. Nous te donnons ces informations quelques ann\u00e9es \u00e0 l&rsquo;e lavance, pour que tu puisses te pr\u00e9parer. Ce n&rsquo;est pas pour demain.\u00a0\u00bb Depuis, le fait de m&rsquo;orienter vers la transmission et l&rsquo;enseignement est en gestation.<\/p>\n<p>&nbsp;<\/p>\n<p>\u00c0 la fin de l&rsquo;ann\u00e9e 2022, j&rsquo;ai \u00e9t\u00e9 contact\u00e9e par une psychologue et une naturo-p\u00e9diatre qui m&rsquo;ont demand\u00e9 si je pouvais leur offrir un mentorat. Et voil\u00e0, le moment \u00e9tait enfin venu de me lancer. L&rsquo;univers me pousse donc tendrement \u00e0 me diriger vers la prochaine \u00e9tape : transmettre, enseigner et stimuler le d\u00e9veloppement des dons int\u00e9rieurs afin <strong>que de plus en plus de professionnels soient outill\u00e9s pour accompagner les (futures-) mamans et les enfants dans leur multidimensionnalit\u00e9, en incluant la communication avec le monde subtil.<\/strong><\/p>\n<p>&nbsp;<\/p>\n<p>Au plaisir de vous accompagner un bout sur votre chemin.<\/p>\n<\/div>\n<\/div><\/div><\/div><div id=\"panel-gb9-6a968f8ba2919-0-0-4\" class=\"so-panel widget widget_sow-headline\" data-index=\"4\" ><div class=\"panel-widget-style panel-widget-style-for-gb9-6a968f8ba2919-0-0-4\" ><div\n\t\t\t\n\t\t\tclass=\"so-widget-sow-headline so-widget-sow-headline-default-51e9ecf9c65a-9 so-widget-fittext-wrapper\"\n\t\t\t data-fit-text-compressor=\"0.85\"\n\t\t><div class=\"sow-headline-container \">\n\t\t\t\t\t\t\t<h2 class=\"sow-headline\">\n\t\t\t\t\t\tCr\u00e9ons-nous ensemble ce nouveau monde !\t\t\t\t\t\t<\/h2>\n\t\t\t\t\t\t\t\t\t\t\t\t<h4 class=\"sow-sub-headline\">\n\t\t\t\t\t\t Votre participation lumineuse a elle aussi toute son importance.\t\t\t\t\t\t<\/h4>\n\t\t\t\t\t\t<\/div>\n<\/div><\/div><\/div><div id=\"panel-gb9-6a968f8ba2919-0-0-5\" class=\"so-panel widget widget_sow-editor panel-last-child\" data-index=\"5\" ><div class=\"panel-widget-style panel-widget-style-for-gb9-6a968f8ba2919-0-0-5\" ><div\n\t\t\t\n\t\t\tclass=\"so-widget-sow-editor so-widget-sow-editor-base\"\n\t\t\t\n\t\t>\n<div class=\"siteorigin-widget-tinymce textwidget\">\n\t<p style=\"text-align: center;\">Plus sur moi et mes pr\u00e9stations sur le site :<a href=\"http:\/\/www.rebekkaspecht.ch\" target=\"_blank\" rel=\"noopener\"><img decoding=\"async\" class=\"aligncenter wp-image-6249\" src=\"https:\/\/formationpro.rebekkaspecht.ch\/wp-content\/uploads\/2022\/11\/logo-rs-oldrose_green-horizontal-300x222.png\" alt=\"Incarnation Consciente vers rebekkaspecht.ch\" width=\"200\" height=\"148\" srcset=\"https:\/\/formationpro.rebekkaspecht.ch\/wp-content\/uploads\/2022\/11\/logo-rs-oldrose_green-horizontal-300x222.png 300w, https:\/\/formationpro.rebekkaspecht.ch\/wp-content\/uploads\/2022\/11\/logo-rs-oldrose_green-horizontal-150x111.png 150w, https:\/\/formationpro.rebekkaspecht.ch\/wp-content\/uploads\/2022\/11\/logo-rs-oldrose_green-horizontal-100x74.png 100w, https:\/\/formationpro.rebekkaspecht.ch\/wp-content\/uploads\/2022\/11\/logo-rs-oldrose_green-horizontal.png 339w\" sizes=\"(max-width: 200px) 100vw, 200px\" \/><\/a><\/p>\n<\/div>\n<\/div><\/div><\/div><\/div><\/div><\/div>","protected":false},"excerpt":{"rendered":"<p>&nbsp; &nbsp; &nbsp; &nbsp; &nbsp; &nbsp; &nbsp; Accompagnatrice \u00e9nerg\u00e9tico-spirituelle de la naissance. Porte-parole des \u00e2mes d&rsquo;enfants. Auteure. Animatrice d&rsquo;ateliers. Th\u00e9rapeute en soins vibratoires (\u00e9nerg\u00e9tique, par les sons de la voix [&hellip;]<\/p>\n","protected":false},"author":1,"featured_media":0,"parent":0,"menu_order":0,"comment_status":"closed","ping_status":"closed","template":"elementor_header_footer","meta":{"footnotes":""},"class_list":["post-9","page","type-page","status-publish","hentry"],"yoast_head":"<!-- This site is optimized with the Yoast SEO plugin v23.8 - https:\/\/yoast.com\/wordpress\/plugins\/seo\/ -->\n<title>\u00c0 propos de Rebekka G Specht - Formation pro<\/title>\n<meta name=\"description\" content=\"A propos de Rebekka : Accompagnatrice \u00e9nerg\u00e9tico-spirituelle de la naissance. Auteure. Th\u00e9rapeute en soin vibratoire. Mentore-formatrice.\" \/>\n<meta name=\"robots\" content=\"index, follow, max-snippet:-1, max-image-preview:large, max-video-preview:-1\" \/>\n<link rel=\"canonical\" href=\"https:\/\/formationpro.rebekkaspecht.ch\/index.php\/a-propos-de-rebekka\/\" \/>\n<meta property=\"og:locale\" content=\"fr_FR\" \/>\n<meta property=\"og:type\" content=\"article\" \/>\n<meta property=\"og:title\" content=\"\u00c0 propos de Rebekka G Specht - Formation pro\" \/>\n<meta property=\"og:description\" content=\"A propos de Rebekka : Accompagnatrice \u00e9nerg\u00e9tico-spirituelle de la naissance. Auteure. Th\u00e9rapeute en soin vibratoire. Mentore-formatrice.\" \/>\n<meta property=\"og:url\" content=\"https:\/\/formationpro.rebekkaspecht.ch\/index.php\/a-propos-de-rebekka\/\" \/>\n<meta property=\"og:site_name\" content=\"Formation pro\" \/>\n<meta property=\"article:modified_time\" content=\"2023-03-13T08:52:40+00:00\" \/>\n<meta property=\"og:image\" content=\"https:\/\/formationpro.rebekkaspecht.ch\/wp-content\/uploads\/2022\/11\/IC_unicorn-spirit.jpg\" \/>\n<meta name=\"twitter:card\" content=\"summary_large_image\" \/>\n<meta name=\"twitter:label1\" content=\"Dur\u00e9e de lecture estim\u00e9e\" \/>\n\t<meta name=\"twitter:data1\" content=\"5 minutes\" \/>\n<script type=\"application\/ld+json\" class=\"yoast-schema-graph\">{\"@context\":\"https:\/\/schema.org\",\"@graph\":[{\"@type\":\"WebPage\",\"@id\":\"https:\/\/formationpro.rebekkaspecht.ch\/index.php\/a-propos-de-rebekka\/\",\"url\":\"https:\/\/formationpro.rebekkaspecht.ch\/index.php\/a-propos-de-rebekka\/\",\"name\":\"\u00c0 propos de Rebekka G Specht - Formation pro\",\"isPartOf\":{\"@id\":\"https:\/\/formationpro.rebekkaspecht.ch\/#website\"},\"primaryImageOfPage\":{\"@id\":\"https:\/\/formationpro.rebekkaspecht.ch\/index.php\/a-propos-de-rebekka\/#primaryimage\"},\"image\":{\"@id\":\"https:\/\/formationpro.rebekkaspecht.ch\/index.php\/a-propos-de-rebekka\/#primaryimage\"},\"thumbnailUrl\":\"https:\/\/formationpro.rebekkaspecht.ch\/wp-content\/uploads\/2022\/11\/IC_unicorn-spirit.jpg\",\"datePublished\":\"2019-03-08T09:53:19+00:00\",\"dateModified\":\"2023-03-13T08:52:40+00:00\",\"description\":\"A propos de Rebekka : Accompagnatrice \u00e9nerg\u00e9tico-spirituelle de la naissance. Auteure. Th\u00e9rapeute en soin vibratoire. Mentore-formatrice.\",\"breadcrumb\":{\"@id\":\"https:\/\/formationpro.rebekkaspecht.ch\/index.php\/a-propos-de-rebekka\/#breadcrumb\"},\"inLanguage\":\"fr-FR\",\"potentialAction\":[{\"@type\":\"ReadAction\",\"target\":[\"https:\/\/formationpro.rebekkaspecht.ch\/index.php\/a-propos-de-rebekka\/\"]}]},{\"@type\":\"ImageObject\",\"inLanguage\":\"fr-FR\",\"@id\":\"https:\/\/formationpro.rebekkaspecht.ch\/index.php\/a-propos-de-rebekka\/#primaryimage\",\"url\":\"https:\/\/formationpro.rebekkaspecht.ch\/wp-content\/uploads\/2022\/11\/IC_unicorn-spirit.jpg\",\"contentUrl\":\"https:\/\/formationpro.rebekkaspecht.ch\/wp-content\/uploads\/2022\/11\/IC_unicorn-spirit.jpg\",\"width\":991,\"height\":212,\"caption\":\"Ma vision Rebekka G Specht Incarnationconsciente.ch\"},{\"@type\":\"BreadcrumbList\",\"@id\":\"https:\/\/formationpro.rebekkaspecht.ch\/index.php\/a-propos-de-rebekka\/#breadcrumb\",\"itemListElement\":[{\"@type\":\"ListItem\",\"position\":1,\"name\":\"Home\",\"item\":\"https:\/\/formationpro.rebekkaspecht.ch\/\"},{\"@type\":\"ListItem\",\"position\":2,\"name\":\"\u00c0 propos de\"}]},{\"@type\":\"WebSite\",\"@id\":\"https:\/\/formationpro.rebekkaspecht.ch\/#website\",\"url\":\"https:\/\/formationpro.rebekkaspecht.ch\/\",\"name\":\"Formation pro\",\"description\":\"pour un accueil \u00e9veill\u00e9\",\"potentialAction\":[{\"@type\":\"SearchAction\",\"target\":{\"@type\":\"EntryPoint\",\"urlTemplate\":\"https:\/\/formationpro.rebekkaspecht.ch\/?s={search_term_string}\"},\"query-input\":{\"@type\":\"PropertyValueSpecification\",\"valueRequired\":true,\"valueName\":\"search_term_string\"}}],\"inLanguage\":\"fr-FR\"}]}<\/script>\n<!-- \/ Yoast SEO plugin. -->","yoast_head_json":{"title":"\u00c0 propos de Rebekka G Specht - Formation pro","description":"A propos de Rebekka : Accompagnatrice \u00e9nerg\u00e9tico-spirituelle de la naissance. Auteure. Th\u00e9rapeute en soin vibratoire. Mentore-formatrice.","robots":{"index":"index","follow":"follow","max-snippet":"max-snippet:-1","max-image-preview":"max-image-preview:large","max-video-preview":"max-video-preview:-1"},"canonical":"https:\/\/formationpro.rebekkaspecht.ch\/index.php\/a-propos-de-rebekka\/","og_locale":"fr_FR","og_type":"article","og_title":"\u00c0 propos de Rebekka G Specht - Formation pro","og_description":"A propos de Rebekka : Accompagnatrice \u00e9nerg\u00e9tico-spirituelle de la naissance. Auteure. Th\u00e9rapeute en soin vibratoire. Mentore-formatrice.","og_url":"https:\/\/formationpro.rebekkaspecht.ch\/index.php\/a-propos-de-rebekka\/","og_site_name":"Formation pro","article_modified_time":"2023-03-13T08:52:40+00:00","og_image":[{"url":"https:\/\/formationpro.rebekkaspecht.ch\/wp-content\/uploads\/2022\/11\/IC_unicorn-spirit.jpg"}],"twitter_card":"summary_large_image","twitter_misc":{"Dur\u00e9e de lecture estim\u00e9e":"5 minutes"},"schema":{"@context":"https:\/\/schema.org","@graph":[{"@type":"WebPage","@id":"https:\/\/formationpro.rebekkaspecht.ch\/index.php\/a-propos-de-rebekka\/","url":"https:\/\/formationpro.rebekkaspecht.ch\/index.php\/a-propos-de-rebekka\/","name":"\u00c0 propos de Rebekka G Specht - Formation pro","isPartOf":{"@id":"https:\/\/formationpro.rebekkaspecht.ch\/#website"},"primaryImageOfPage":{"@id":"https:\/\/formationpro.rebekkaspecht.ch\/index.php\/a-propos-de-rebekka\/#primaryimage"},"image":{"@id":"https:\/\/formationpro.rebekkaspecht.ch\/index.php\/a-propos-de-rebekka\/#primaryimage"},"thumbnailUrl":"https:\/\/formationpro.rebekkaspecht.ch\/wp-content\/uploads\/2022\/11\/IC_unicorn-spirit.jpg","datePublished":"2019-03-08T09:53:19+00:00","dateModified":"2023-03-13T08:52:40+00:00","description":"A propos de Rebekka : Accompagnatrice \u00e9nerg\u00e9tico-spirituelle de la naissance. Auteure. Th\u00e9rapeute en soin vibratoire. Mentore-formatrice.","breadcrumb":{"@id":"https:\/\/formationpro.rebekkaspecht.ch\/index.php\/a-propos-de-rebekka\/#breadcrumb"},"inLanguage":"fr-FR","potentialAction":[{"@type":"ReadAction","target":["https:\/\/formationpro.rebekkaspecht.ch\/index.php\/a-propos-de-rebekka\/"]}]},{"@type":"ImageObject","inLanguage":"fr-FR","@id":"https:\/\/formationpro.rebekkaspecht.ch\/index.php\/a-propos-de-rebekka\/#primaryimage","url":"https:\/\/formationpro.rebekkaspecht.ch\/wp-content\/uploads\/2022\/11\/IC_unicorn-spirit.jpg","contentUrl":"https:\/\/formationpro.rebekkaspecht.ch\/wp-content\/uploads\/2022\/11\/IC_unicorn-spirit.jpg","width":991,"height":212,"caption":"Ma vision Rebekka G Specht Incarnationconsciente.ch"},{"@type":"BreadcrumbList","@id":"https:\/\/formationpro.rebekkaspecht.ch\/index.php\/a-propos-de-rebekka\/#breadcrumb","itemListElement":[{"@type":"ListItem","position":1,"name":"Home","item":"https:\/\/formationpro.rebekkaspecht.ch\/"},{"@type":"ListItem","position":2,"name":"\u00c0 propos de"}]},{"@type":"WebSite","@id":"https:\/\/formationpro.rebekkaspecht.ch\/#website","url":"https:\/\/formationpro.rebekkaspecht.ch\/","name":"Formation pro","description":"pour un accueil \u00e9veill\u00e9","potentialAction":[{"@type":"SearchAction","target":{"@type":"EntryPoint","urlTemplate":"https:\/\/formationpro.rebekkaspecht.ch\/?s={search_term_string}"},"query-input":{"@type":"PropertyValueSpecification","valueRequired":true,"valueName":"search_term_string"}}],"inLanguage":"fr-FR"}]}},"_links":{"self":[{"href":"https:\/\/formationpro.rebekkaspecht.ch\/index.php\/wp-json\/wp\/v2\/pages\/9","targetHints":{"allow":["GET"]}}],"collection":[{"href":"https:\/\/formationpro.rebekkaspecht.ch\/index.php\/wp-json\/wp\/v2\/pages"}],"about":[{"href":"https:\/\/formationpro.rebekkaspecht.ch\/index.php\/wp-json\/wp\/v2\/types\/page"}],"author":[{"embeddable":true,"href":"https:\/\/formationpro.rebekkaspecht.ch\/index.php\/wp-json\/wp\/v2\/users\/1"}],"replies":[{"embeddable":true,"href":"https:\/\/formationpro.rebekkaspecht.ch\/index.php\/wp-json\/wp\/v2\/comments?post=9"}],"version-history":[{"count":126,"href":"https:\/\/formationpro.rebekkaspecht.ch\/index.php\/wp-json\/wp\/v2\/pages\/9\/revisions"}],"predecessor-version":[{"id":6935,"href":"https:\/\/formationpro.rebekkaspecht.ch\/index.php\/wp-json\/wp\/v2\/pages\/9\/revisions\/6935"}],"wp:attachment":[{"href":"https:\/\/formationpro.rebekkaspecht.ch\/index.php\/wp-json\/wp\/v2\/media?parent=9"}],"curies":[{"name":"wp","href":"https:\/\/api.w.org\/{rel}","templated":true}]}}